{"id":631,"date":"2025-03-04T09:58:19","date_gmt":"2025-03-04T08:58:19","guid":{"rendered":"https:\/\/les-belles-toitures.com\/?page_id=631"},"modified":"2026-04-09T14:19:37","modified_gmt":"2026-04-09T12:19:37","slug":"nos-services-en-epis-de-faitage-en-cuivre-a-saulge","status":"publish","type":"page","link":"https:\/\/www.les-belles-toitures.com\/nos-services-en-epis-de-faitage-en-cuivre-a-saulge\/","title":{"rendered":"Nos services en \u00e9pis de fa\u00eetage en cuivre \u00e0 Saulg\u00e9"},"content":{"rendered":"\t\t<div data-elementor-type=\"wp-page\" data-elementor-id=\"631\" class=\"elementor elementor-631\" data-elementor-post-type=\"page\">\n\t\t\t\t<div class=\"elementor-element elementor-element-694df3ef e-flex e-con-boxed e-con e-parent\" data-id=\"694df3ef\" data-element_type=\"container\" data-e-type=\"container\" data-settings=\"{&quot;background_background&quot;:&quot;classic&quot;}\">\n\t\t\t\t\t<div class=\"e-con-inner\">\n\t\t<div class=\"elementor-element elementor-element-505fca98 e-con-full e-flex e-con e-child\" data-id=\"505fca98\" data-element_type=\"container\" data-e-type=\"container\">\n\t\t\t\t<div class=\"elementor-element elementor-element-3cfaa58b pp-dual-heading-block elementor-widget elementor-widget-pp-dual-heading\" data-id=\"3cfaa58b\" data-element_type=\"widget\" data-e-type=\"widget\" data-widget_type=\"pp-dual-heading.default\">\n\t\t\t\t\t<h1 class=\"pp-dual-heading\"><span class=\"pp-first-text\">\u00c9pis de fa\u00eetage en cuivre<\/span><span class=\"pp-second-text\">Une touche d\u2019\u00e9l\u00e9gance et de tradition<\/span><\/h1>\t\t\t\t<\/div>\n\t\t\t\t<div class=\"elementor-element elementor-element-522bc650 elementor-widget elementor-widget-text-editor\" data-id=\"522bc650\" data-element_type=\"widget\" data-e-type=\"widget\" data-widget_type=\"text-editor.default\">\n\t\t\t\t\t\t\t\t\t<p data-start=\"79\" data-end=\"471\">L\u2019entreprise <strong data-start=\"92\" data-end=\"115\">Les Belles Toitures<\/strong> met son savoir-faire artisanal \u00e0 votre service pour la fabrication et la pose d\u2019<strong data-start=\"196\" data-end=\"225\">\u00e9pis de fa\u00eetage en cuivre<\/strong> \u00e0 <strong data-start=\"228\" data-end=\"300\">Poitiers, Montmorillon et dans toute la r\u00e9gion Poitou-Charentes (86)<\/strong>. V\u00e9ritables ornements architecturaux, les \u00e9pis de fa\u00eetage ne se contentent pas d\u2019embellir votre toiture : ils jouent aussi un r\u00f4le de protection contre les intemp\u00e9ries.<\/p><p data-start=\"473\" data-end=\"651\">Gr\u00e2ce \u00e0 notre expertise en <strong data-start=\"500\" data-end=\"534\">zinguerie et travail du cuivre<\/strong>, nous r\u00e9alisons des pi\u00e8ces sur mesure qui s\u2019adaptent parfaitement \u00e0 votre maison, alliant esth\u00e9tique et long\u00e9vit\u00e9.<\/p>\t\t\t\t\t\t\t\t<\/div>\n\t\t\t\t<\/div>\n\t\t\t\t\t<\/div>\n\t\t\t\t<\/div>\n\t\t<div class=\"elementor-element elementor-element-3efb74ea e-flex e-con-boxed e-con e-parent\" data-id=\"3efb74ea\" data-element_type=\"container\" data-e-type=\"container\">\n\t\t\t\t\t<div class=\"e-con-inner\">\n\t\t<div class=\"elementor-element elementor-element-5ed8bddb e-con-full e-flex e-con e-child\" data-id=\"5ed8bddb\" data-element_type=\"container\" data-e-type=\"container\">\n\t\t\t\t<div class=\"elementor-element elementor-element-6de0eec8 elementor-widget elementor-widget-image\" data-id=\"6de0eec8\" data-element_type=\"widget\" data-e-type=\"widget\" data-widget_type=\"image.default\">\n\t\t\t\t\t\t\t\t\t\t\t\t\t\t\t\t<a href=\"https:\/\/les-belles-toitures.com\/wp-content\/uploads\/2025\/03\/AdobeStock_86445880-scaled.jpeg\" data-elementor-open-lightbox=\"yes\" data-elementor-lightbox-title=\"Toiture avec \u00e9pis de fa\u00eetage (Normandie)\" data-e-action-hash=\"#elementor-action%3Aaction%3Dlightbox%26settings%3DeyJpZCI6NjM1LCJ1cmwiOiJodHRwczpcL1wvd3d3Lmxlcy1iZWxsZXMtdG9pdHVyZXMuY29tXC93cC1jb250ZW50XC91cGxvYWRzXC8yMDI1XC8wM1wvQWRvYmVTdG9ja184NjQ0NTg4MC1zY2FsZWQuanBlZyJ9\">\n\t\t\t\t\t\t\t<img decoding=\"async\" src=\"https:\/\/www.les-belles-toitures.com\/media\/elementor\/thumbs\/AdobeStock_86445880-scaled-r9guvehztu14vzv34o0rmh32bdjv4z2jg7o2gyclso.jpeg\" title=\"Toiture avec \u00e9pis de fa\u00eetage (Normandie)\" alt=\"Toiture avec \u00e9pis de fa\u00eetage (Normandie)\" loading=\"lazy\" \/>\t\t\t\t\t\t\t\t<\/a>\n\t\t\t\t\t\t\t\t\t\t\t\t\t\t\t<\/div>\n\t\t<div class=\"elementor-element elementor-element-7b6bd31e e-con-full e-flex e-con e-child\" data-id=\"7b6bd31e\" data-element_type=\"container\" data-e-type=\"container\" data-settings=\"{&quot;background_background&quot;:&quot;classic&quot;}\">\n\t\t\t\t<\/div>\n\t\t\t\t<\/div>\n\t\t<div class=\"elementor-element elementor-element-1b894183 e-con-full e-flex e-con e-child\" data-id=\"1b894183\" data-element_type=\"container\" data-e-type=\"container\">\n\t\t\t\t<div class=\"elementor-element elementor-element-66bd3536 pp-dual-heading-block elementor-widget elementor-widget-pp-dual-heading\" data-id=\"66bd3536\" data-element_type=\"widget\" data-e-type=\"widget\" data-widget_type=\"pp-dual-heading.default\">\n\t\t\t\t\t<h2 class=\"pp-dual-heading\"><span class=\"pp-first-text\">Esth\u00e9tique et durabilit\u00e9<\/span><span class=\"pp-second-text\">Les avantages des \u00e9pis de fa\u00eetage en cuivre <\/span><\/h2>\t\t\t\t<\/div>\n\t\t\t\t<div class=\"elementor-element elementor-element-52667ea5 elementor-widget elementor-widget-text-editor\" data-id=\"52667ea5\" data-element_type=\"widget\" data-e-type=\"widget\" data-widget_type=\"text-editor.default\">\n\t\t\t\t\t\t\t\t\t<p data-start=\"741\" data-end=\"798\"><strong data-start=\"745\" data-end=\"796\">Un \u00e9l\u00e9ment architectural raffin\u00e9 et authentique<\/strong><\/p><p data-start=\"799\" data-end=\"927\">Les \u00e9pis de fa\u00eetage en cuivre apportent une touche de distinction \u00e0 votre toiture et valorisent le charme de votre habitation.<\/p><p data-start=\"929\" data-end=\"970\"><strong data-start=\"933\" data-end=\"968\">Un mat\u00e9riau noble et intemporel<\/strong><\/p><p data-start=\"971\" data-end=\"1083\">Le cuivre d\u00e9veloppe une patine naturelle avec le temps, offrant une esth\u00e9tique unique et un rendu authentique.<\/p><p data-start=\"1085\" data-end=\"1141\"><strong data-start=\"1089\" data-end=\"1139\">Une protection efficace contre les intemp\u00e9ries<\/strong><\/p><p data-start=\"1142\" data-end=\"1268\">Imputrescible et inoxydable, le cuivre garantit une excellente r\u00e9sistance face aux conditions climatiques les plus extr\u00eames.<\/p><p data-start=\"1270\" data-end=\"1332\"><strong data-start=\"1274\" data-end=\"1330\">Une action naturelle contre la mousse et les lichens<\/strong><\/p><p data-start=\"1333\" data-end=\"1450\">Le cuivre emp\u00eache la prolif\u00e9ration des mousses et algues sur votre toiture, r\u00e9duisant ainsi l\u2019entretien n\u00e9cessaire.<\/p>\t\t\t\t\t\t\t\t<\/div>\n\t\t\t\t<\/div>\n\t\t\t\t\t<\/div>\n\t\t\t\t<\/div>\n\t\t<div class=\"elementor-element elementor-element-10984dfd e-flex e-con-boxed e-con e-parent\" data-id=\"10984dfd\" data-element_type=\"container\" data-e-type=\"container\" data-settings=\"{&quot;background_background&quot;:&quot;classic&quot;}\">\n\t\t\t\t\t<div class=\"e-con-inner\">\n\t\t\t\t<div class=\"elementor-element elementor-element-2de292f pp-dual-heading-block elementor-widget elementor-widget-pp-dual-heading\" data-id=\"2de292f\" data-element_type=\"widget\" data-e-type=\"widget\" data-widget_type=\"pp-dual-heading.default\">\n\t\t\t\t\t<h2 class=\"pp-dual-heading\"><span class=\"pp-first-text\">Nos services en \u00e9pis de fa\u00eetage en cuivre<\/span><span class=\"pp-second-text\">Fabrication et installation sur mesure<\/span><\/h2>\t\t\t\t<\/div>\n\t\t<div class=\"elementor-element elementor-element-2c116295 e-grid e-con-full e-con e-child\" data-id=\"2c116295\" data-element_type=\"container\" data-e-type=\"container\">\n\t\t<div class=\"elementor-element elementor-element-455a1b56 e-con-full bdt-backdrop-filter-yes e-flex bdt-filter-backdrop e-con e-child\" data-id=\"455a1b56\" data-element_type=\"container\" data-e-type=\"container\" data-settings=\"{&quot;background_background&quot;:&quot;classic&quot;}\">\n\t\t\t\t<div class=\"elementor-element elementor-element-60dcf909 elementor-widget elementor-widget-heading\" data-id=\"60dcf909\" data-element_type=\"widget\" data-e-type=\"widget\" data-widget_type=\"heading.default\">\n\t\t\t\t\t<h3 class=\"elementor-heading-title elementor-size-default\">Cr\u00e9ation d\u2019\u00e9pis de fa\u00eetage personnalis\u00e9s \u2013 Un travail artisanal unique<\/h3>\t\t\t\t<\/div>\n\t\t\t\t<div class=\"elementor-element elementor-element-44ed176f elementor-widget-divider--view-line elementor-widget elementor-widget-divider\" data-id=\"44ed176f\" data-element_type=\"widget\" data-e-type=\"widget\" data-widget_type=\"divider.default\">\n\t\t\t\t\t\t\t<div class=\"elementor-divider\">\n\t\t\t<span class=\"elementor-divider-separator\">\n\t\t\t\t\t\t<\/span>\n\t\t<\/div>\n\t\t\t\t\t\t<\/div>\n\t\t\t\t<div class=\"elementor-element elementor-element-2d6afd88 elementor-widget elementor-widget-text-editor\" data-id=\"2d6afd88\" data-element_type=\"widget\" data-e-type=\"widget\" data-widget_type=\"text-editor.default\">\n\t\t\t\t\t\t\t\t\t<p>Chez <strong data-start=\"1638\" data-end=\"1661\">Les Belles Toitures<\/strong>, nous concevons des \u00e9pis en cuivre sur mesure, adapt\u00e9s \u00e0 tous les styles architecturaux.<\/p>\t\t\t\t\t\t\t\t<\/div>\n\t\t\t\t<\/div>\n\t\t<div class=\"elementor-element elementor-element-9f7367f e-con-full bdt-backdrop-filter-yes e-flex bdt-filter-backdrop e-con e-child\" data-id=\"9f7367f\" data-element_type=\"container\" data-e-type=\"container\" data-settings=\"{&quot;background_background&quot;:&quot;classic&quot;}\">\n\t\t\t\t<div class=\"elementor-element elementor-element-2eec63f7 elementor-widget elementor-widget-heading\" data-id=\"2eec63f7\" data-element_type=\"widget\" data-e-type=\"widget\" data-widget_type=\"heading.default\">\n\t\t\t\t\t<h3 class=\"elementor-heading-title elementor-size-default\">Installation et fixation \u2013 Une pose soign\u00e9e et durable<\/h3>\t\t\t\t<\/div>\n\t\t\t\t<div class=\"elementor-element elementor-element-2455ad5d elementor-widget-divider--view-line elementor-widget elementor-widget-divider\" data-id=\"2455ad5d\" data-element_type=\"widget\" data-e-type=\"widget\" data-widget_type=\"divider.default\">\n\t\t\t\t\t\t\t<div class=\"elementor-divider\">\n\t\t\t<span class=\"elementor-divider-separator\">\n\t\t\t\t\t\t<\/span>\n\t\t<\/div>\n\t\t\t\t\t\t<\/div>\n\t\t\t\t<div class=\"elementor-element elementor-element-3ee02f08 elementor-widget elementor-widget-text-editor\" data-id=\"3ee02f08\" data-element_type=\"widget\" data-e-type=\"widget\" data-widget_type=\"text-editor.default\">\n\t\t\t\t\t\t\t\t\t<p>Nos artisans assurent une installation rigoureuse, garantissant une fixation r\u00e9sistante face aux vents et aux intemp\u00e9ries.<\/p>\t\t\t\t\t\t\t\t<\/div>\n\t\t\t\t<\/div>\n\t\t<div class=\"elementor-element elementor-element-25ce2894 e-con-full bdt-backdrop-filter-yes e-flex bdt-filter-backdrop e-con e-child\" data-id=\"25ce2894\" data-element_type=\"container\" data-e-type=\"container\" data-settings=\"{&quot;background_background&quot;:&quot;classic&quot;}\">\n\t\t\t\t<div class=\"elementor-element elementor-element-4d93e215 elementor-widget elementor-widget-heading\" data-id=\"4d93e215\" data-element_type=\"widget\" data-e-type=\"widget\" data-widget_type=\"heading.default\">\n\t\t\t\t\t<h3 class=\"elementor-heading-title elementor-size-default\">Restauration et remplacement d\u2019\u00e9pis anciens \u2013 Pr\u00e9servez le cachet de votre toiture<\/h3>\t\t\t\t<\/div>\n\t\t\t\t<div class=\"elementor-element elementor-element-2572ab6c elementor-widget-divider--view-line elementor-widget elementor-widget-divider\" data-id=\"2572ab6c\" data-element_type=\"widget\" data-e-type=\"widget\" data-widget_type=\"divider.default\">\n\t\t\t\t\t\t\t<div class=\"elementor-divider\">\n\t\t\t<span class=\"elementor-divider-separator\">\n\t\t\t\t\t\t<\/span>\n\t\t<\/div>\n\t\t\t\t\t\t<\/div>\n\t\t\t\t<div class=\"elementor-element elementor-element-2f561ffa elementor-widget elementor-widget-text-editor\" data-id=\"2f561ffa\" data-element_type=\"widget\" data-e-type=\"widget\" data-widget_type=\"text-editor.default\">\n\t\t\t\t\t\t\t\t\t<p>Nous restaurons les \u00e9pis de fa\u00eetage existants en cuivre pour leur redonner tout leur \u00e9clat et assurer leur solidit\u00e9.<\/p>\t\t\t\t\t\t\t\t<\/div>\n\t\t\t\t<\/div>\n\t\t<div class=\"elementor-element elementor-element-2eb80ed3 e-con-full bdt-backdrop-filter-yes e-flex bdt-filter-backdrop e-con e-child\" data-id=\"2eb80ed3\" data-element_type=\"container\" data-e-type=\"container\" data-settings=\"{&quot;background_background&quot;:&quot;classic&quot;}\">\n\t\t\t\t<div class=\"elementor-element elementor-element-4a38d3d8 elementor-widget elementor-widget-heading\" data-id=\"4a38d3d8\" data-element_type=\"widget\" data-e-type=\"widget\" data-widget_type=\"heading.default\">\n\t\t\t\t\t<h3 class=\"elementor-heading-title elementor-size-default\">Entretien et contr\u00f4le de fixation \u2013 Une long\u00e9vit\u00e9 optimale<\/h3>\t\t\t\t<\/div>\n\t\t\t\t<div class=\"elementor-element elementor-element-7bc61edc elementor-widget-divider--view-line elementor-widget elementor-widget-divider\" data-id=\"7bc61edc\" data-element_type=\"widget\" data-e-type=\"widget\" data-widget_type=\"divider.default\">\n\t\t\t\t\t\t\t<div class=\"elementor-divider\">\n\t\t\t<span class=\"elementor-divider-separator\">\n\t\t\t\t\t\t<\/span>\n\t\t<\/div>\n\t\t\t\t\t\t<\/div>\n\t\t\t\t<div class=\"elementor-element elementor-element-1a24a7ab elementor-widget elementor-widget-text-editor\" data-id=\"1a24a7ab\" data-element_type=\"widget\" data-e-type=\"widget\" data-widget_type=\"text-editor.default\">\n\t\t\t\t\t\t\t\t\t<p>Nous proposons un suivi et un entretien de vos \u00e9pis afin de v\u00e9rifier leur \u00e9tat et leur maintien au fil du temps.<\/p>\t\t\t\t\t\t\t\t<\/div>\n\t\t\t\t<\/div>\n\t\t\t\t<\/div>\n\t\t\t\t\t<\/div>\n\t\t\t\t<\/div>\n\t\t<div class=\"elementor-element elementor-element-fd0138f e-flex e-con-boxed e-con e-parent\" data-id=\"fd0138f\" data-element_type=\"container\" data-e-type=\"container\">\n\t\t\t\t\t<div class=\"e-con-inner\">\n\t\t<div class=\"elementor-element elementor-element-454a98e3 e-con-full e-flex e-con e-child\" data-id=\"454a98e3\" data-element_type=\"container\" data-e-type=\"container\">\n\t\t\t\t<div class=\"elementor-element elementor-element-3a9d2c41 pp-dual-heading-block elementor-widget elementor-widget-pp-dual-heading\" data-id=\"3a9d2c41\" data-element_type=\"widget\" data-e-type=\"widget\" data-widget_type=\"pp-dual-heading.default\">\n\t\t\t\t\t<h2 class=\"pp-dual-heading\"><span class=\"pp-first-text\">Excellence et savoir-faire artisanal<\/span><span class=\"pp-second-text\">Pourquoi faire confiance \u00e0 Les Belles Toitures ?<\/span><\/h2>\t\t\t\t<\/div>\n\t\t\t\t<\/div>\n\t\t<div class=\"elementor-element elementor-element-1c0a5619 e-con-full e-flex e-con e-child\" data-id=\"1c0a5619\" data-element_type=\"container\" data-e-type=\"container\">\n\t\t\t\t<div class=\"elementor-element elementor-element-23dd813 elementor-widget elementor-widget-text-editor\" data-id=\"23dd813\" data-element_type=\"widget\" data-e-type=\"widget\" data-widget_type=\"text-editor.default\">\n\t\t\t\t\t\t\t\t\t<p data-start=\"2448\" data-end=\"2508\"><strong data-start=\"2452\" data-end=\"2506\">Un artisanat de qualit\u00e9 pour des cr\u00e9ations uniques<\/strong><\/p><p data-start=\"2509\" data-end=\"2617\">Chaque \u00e9pi de fa\u00eetage est fabriqu\u00e9 \u00e0 la main avec une attention particuli\u00e8re aux d\u00e9tails et aux finitions.<\/p><p data-start=\"2619\" data-end=\"2691\"><strong data-start=\"2623\" data-end=\"2689\">Des mat\u00e9riaux haut de gamme pour une durabilit\u00e9 exceptionnelle<\/strong><\/p><p data-start=\"2692\" data-end=\"2788\">Nous utilisons du cuivre de premier choix, assurant une robustesse et une long\u00e9vit\u00e9 optimales.<\/p><p data-start=\"2790\" data-end=\"2849\"><strong data-start=\"2794\" data-end=\"2847\">Une expertise reconnue en zinguerie et couverture<\/strong><\/p><p data-start=\"2850\" data-end=\"2968\">Nos couvreurs-zingueurs qualifi\u00e9s poss\u00e8dent une grande ma\u00eetrise des techniques traditionnelles du travail du cuivre.<\/p><p data-start=\"2970\" data-end=\"3036\"><strong data-start=\"2974\" data-end=\"3034\">Un accompagnement personnalis\u00e9 pour un projet sur mesure<\/strong><\/p><p data-start=\"3037\" data-end=\"3176\">Nous vous conseillons \u00e0 chaque \u00e9tape pour r\u00e9aliser un \u00e9pi qui correspond parfaitement \u00e0 vos attentes et \u00e0 l\u2019architecture de votre maison.<\/p>\t\t\t\t\t\t\t\t<\/div>\n\t\t\t\t<\/div>\n\t\t\t\t\t<\/div>\n\t\t\t\t<\/div>\n\t\t<div class=\"elementor-element elementor-element-8436bf6 e-flex e-con-boxed e-con e-parent\" data-id=\"8436bf6\" data-element_type=\"container\" data-e-type=\"container\" data-settings=\"{&quot;background_background&quot;:&quot;classic&quot;}\">\n\t\t\t\t\t<div class=\"e-con-inner\">\n\t\t\t\t<div class=\"elementor-element elementor-element-2bd714b1 pp-dual-heading-block sub-center elementor-widget elementor-widget-pp-dual-heading\" data-id=\"2bd714b1\" data-element_type=\"widget\" data-e-type=\"widget\" data-widget_type=\"pp-dual-heading.default\">\n\t\t\t\t\t<h2 class=\"pp-dual-heading\"><span class=\"pp-first-text\">Notre processus de travail<\/span><span class=\"pp-second-text\">Une approche minutieuse et ma\u00eetris\u00e9e<\/span><\/h2>\t\t\t\t<\/div>\n\t\t<div class=\"elementor-element elementor-element-623e12b e-grid e-con-full e-con e-child\" data-id=\"623e12b\" data-element_type=\"container\" data-e-type=\"container\">\n\t\t<div class=\"elementor-element elementor-element-7dd3cc51 e-con-full e-flex e-con e-child\" data-id=\"7dd3cc51\" data-element_type=\"container\" data-e-type=\"container\" data-settings=\"{&quot;background_background&quot;:&quot;classic&quot;}\">\n\t\t<div class=\"elementor-element elementor-element-3f76f210 e-con-full e-flex e-con e-child\" data-id=\"3f76f210\" data-element_type=\"container\" data-e-type=\"container\">\n\t\t\t\t<div class=\"elementor-element elementor-element-2d5bd5e4 pp-dual-heading-block elementor-widget elementor-widget-pp-dual-heading\" data-id=\"2d5bd5e4\" data-element_type=\"widget\" data-e-type=\"widget\" data-widget_type=\"pp-dual-heading.default\">\n\t\t\t\t\t<h3 class=\"pp-dual-heading\"><span class=\"pp-first-text\">Analyse et conception<\/span><span class=\"pp-second-text\">Un design adapt\u00e9 \u00e0 votre toiture<\/span><\/h3>\t\t\t\t<\/div>\n\t\t\t\t<div class=\"elementor-element elementor-element-41030c9e elementor-widget elementor-widget-text-editor\" data-id=\"41030c9e\" data-element_type=\"widget\" data-e-type=\"widget\" data-widget_type=\"text-editor.default\">\n\t\t\t\t\t\t\t\t\t<p>Nous \u00e9changeons avec vous pour d\u00e9finir le style et les dimensions de votre \u00e9pi de fa\u00eetage en cuivre.<\/p>\t\t\t\t\t\t\t\t<\/div>\n\t\t\t\t<\/div>\n\t\t\t\t<\/div>\n\t\t<div class=\"elementor-element elementor-element-b5118d2 e-con-full e-flex e-con e-child\" data-id=\"b5118d2\" data-element_type=\"container\" data-e-type=\"container\" data-settings=\"{&quot;background_background&quot;:&quot;classic&quot;}\">\n\t\t<div class=\"elementor-element elementor-element-140597bb e-con-full e-flex e-con e-child\" data-id=\"140597bb\" data-element_type=\"container\" data-e-type=\"container\">\n\t\t\t\t<div class=\"elementor-element elementor-element-77e9f3d4 pp-dual-heading-block elementor-widget elementor-widget-pp-dual-heading\" data-id=\"77e9f3d4\" data-element_type=\"widget\" data-e-type=\"widget\" data-widget_type=\"pp-dual-heading.default\">\n\t\t\t\t\t<h3 class=\"pp-dual-heading\"><span class=\"pp-first-text\">Fabrication artisanale<\/span><span class=\"pp-second-text\">Un fa\u00e7onnage pr\u00e9cis et m\u00e9ticuleux<\/span><\/h3>\t\t\t\t<\/div>\n\t\t\t\t<div class=\"elementor-element elementor-element-2aad7f4 elementor-widget elementor-widget-text-editor\" data-id=\"2aad7f4\" data-element_type=\"widget\" data-e-type=\"widget\" data-widget_type=\"text-editor.default\">\n\t\t\t\t\t\t\t\t\t<p>Nos artisans travaillent le cuivre avec des techniques traditionnelles pour un rendu unique et authentique.<\/p>\t\t\t\t\t\t\t\t<\/div>\n\t\t\t\t<\/div>\n\t\t\t\t<\/div>\n\t\t<div class=\"elementor-element elementor-element-1a6f2bfa e-con-full e-flex e-con e-child\" data-id=\"1a6f2bfa\" data-element_type=\"container\" data-e-type=\"container\" data-settings=\"{&quot;background_background&quot;:&quot;classic&quot;}\">\n\t\t<div class=\"elementor-element elementor-element-115d457b e-con-full e-flex e-con e-child\" data-id=\"115d457b\" data-element_type=\"container\" data-e-type=\"container\">\n\t\t\t\t<div class=\"elementor-element elementor-element-1ccef9b6 pp-dual-heading-block elementor-widget elementor-widget-pp-dual-heading\" data-id=\"1ccef9b6\" data-element_type=\"widget\" data-e-type=\"widget\" data-widget_type=\"pp-dual-heading.default\">\n\t\t\t\t\t<h3 class=\"pp-dual-heading\"><span class=\"pp-first-text\">Pose et fixation<\/span><span class=\"pp-second-text\">Une installation s\u00e9curis\u00e9e et durable<\/span><\/h3>\t\t\t\t<\/div>\n\t\t\t\t<div class=\"elementor-element elementor-element-5951aad5 elementor-widget elementor-widget-text-editor\" data-id=\"5951aad5\" data-element_type=\"widget\" data-e-type=\"widget\" data-widget_type=\"text-editor.default\">\n\t\t\t\t\t\t\t\t\t<p>Nous assurons une mise en place optimale, garantissant la solidit\u00e9 et l\u2019esth\u00e9tisme de votre \u00e9pi de fa\u00eetage.<\/p>\t\t\t\t\t\t\t\t<\/div>\n\t\t\t\t<\/div>\n\t\t\t\t<\/div>\n\t\t<div class=\"elementor-element elementor-element-6332cc99 e-con-full e-flex e-con e-child\" data-id=\"6332cc99\" data-element_type=\"container\" data-e-type=\"container\" data-settings=\"{&quot;background_background&quot;:&quot;classic&quot;}\">\n\t\t<div class=\"elementor-element elementor-element-59c05e3c e-con-full e-flex e-con e-child\" data-id=\"59c05e3c\" data-element_type=\"container\" data-e-type=\"container\">\n\t\t\t\t<div class=\"elementor-element elementor-element-54cf53c2 pp-dual-heading-block elementor-widget elementor-widget-pp-dual-heading\" data-id=\"54cf53c2\" data-element_type=\"widget\" data-e-type=\"widget\" data-widget_type=\"pp-dual-heading.default\">\n\t\t\t\t\t<h3 class=\"pp-dual-heading\"><span class=\"pp-first-text\">V\u00e9rification et finitions<\/span><span class=\"pp-second-text\">Une attention port\u00e9e aux moindres d\u00e9tails<\/span><\/h3>\t\t\t\t<\/div>\n\t\t\t\t<div class=\"elementor-element elementor-element-428b88b5 elementor-widget elementor-widget-text-editor\" data-id=\"428b88b5\" data-element_type=\"widget\" data-e-type=\"widget\" data-widget_type=\"text-editor.default\">\n\t\t\t\t\t\t\t\t\t<p>Avant la livraison, nous proc\u00e9dons \u00e0 une inspection rigoureuse pour garantir un travail irr\u00e9prochable.<\/p>\t\t\t\t\t\t\t\t<\/div>\n\t\t\t\t<\/div>\n\t\t\t\t<\/div>\n\t\t\t\t<\/div>\n\t\t\t\t\t<\/div>\n\t\t\t\t<\/div>\n\t\t<div class=\"elementor-element elementor-element-4195941a e-flex e-con-boxed e-con e-parent\" data-id=\"4195941a\" data-element_type=\"container\" data-e-type=\"container\">\n\t\t\t\t\t<div class=\"e-con-inner\">\n\t\t<div class=\"elementor-element elementor-element-7db29b09 e-con-full e-flex e-con e-child\" data-id=\"7db29b09\" data-element_type=\"container\" data-e-type=\"container\">\n\t\t\t\t<div class=\"elementor-element elementor-element-11d89567 pp-dual-heading-block elementor-widget elementor-widget-pp-dual-heading\" data-id=\"11d89567\" data-element_type=\"widget\" data-e-type=\"widget\" data-widget_type=\"pp-dual-heading.default\">\n\t\t\t\t\t<h2 class=\"pp-dual-heading\"><span class=\"pp-first-text\">Zone d\u2019Intervention<\/span><span class=\"pp-second-text\">Une entreprise locale \u00e0 votre service<\/span><\/h2>\t\t\t\t<\/div>\n\t\t\t\t<div class=\"elementor-element elementor-element-297633d8 elementor-widget elementor-widget-text-editor\" data-id=\"297633d8\" data-element_type=\"widget\" data-e-type=\"widget\" data-widget_type=\"text-editor.default\">\n\t\t\t\t\t\t\t\t\t<p>Nous intervenons principalement en <strong>Vienne (86)<\/strong> , couvrant des villes comme : <strong>Poitiers<\/strong>, <strong>Montmorillon<\/strong>, <strong>Saulg\u00e9.<\/strong><\/p><p>Nous nous d\u00e9pla\u00e7ons dans un rayon de <strong>50 km<\/strong> pour r\u00e9pondre rapidement aux besoins de nos clients en r\u00e9novation, entretien et installation de toiture.<\/p><p>Contactez-nous d\u00e8s aujourd\u2019hui pour un\u00a0<strong>devis gratuit et personnalis\u00e9<\/strong>. Notre \u00e9quipe est \u00e0 votre \u00e9coute pour concr\u00e9tiser vos id\u00e9es et vous offrir une toiture \u00e0 la hauteur de vos attentes.<\/p>\t\t\t\t\t\t\t\t<\/div>\n\t\t\t\t<\/div>\n\t\t<div class=\"elementor-element elementor-element-684e3eff e-con-full e-flex e-con e-child\" data-id=\"684e3eff\" data-element_type=\"container\" data-e-type=\"container\">\n\t\t\t\t<div class=\"elementor-element elementor-element-6df4bfd1 elementor-widget elementor-widget-image\" data-id=\"6df4bfd1\" data-element_type=\"widget\" data-e-type=\"widget\" data-widget_type=\"image.default\">\n\t\t\t\t\t\t\t\t\t\t\t\t\t\t\t\t<a href=\"https:\/\/les-belles-toitures.com\/wp-content\/uploads\/2025\/03\/AdobeStock_68529354-scaled.jpeg\" data-elementor-open-lightbox=\"yes\" data-elementor-lightbox-title=\"Epis de fa\u00eetage (Basse-Normandie)\" data-e-action-hash=\"#elementor-action%3Aaction%3Dlightbox%26settings%3DeyJpZCI6NjQyLCJ1cmwiOiJodHRwczpcL1wvd3d3Lmxlcy1iZWxsZXMtdG9pdHVyZXMuY29tXC93cC1jb250ZW50XC91cGxvYWRzXC8yMDI1XC8wM1wvQWRvYmVTdG9ja182ODUyOTM1NC1zY2FsZWQuanBlZyJ9\">\n\t\t\t\t\t\t\t<img decoding=\"async\" src=\"https:\/\/www.les-belles-toitures.com\/media\/elementor\/thumbs\/AdobeStock_68529354-scaled-r9guvl2x3ubiziwn6sd3ca8ninvbg8rx2es7feeg60.jpeg\" title=\"Epis de fa\u00eetage (Basse-Normandie)\" alt=\"Epis de fa\u00eetage (Basse-Normandie)\" loading=\"lazy\" \/>\t\t\t\t\t\t\t\t<\/a>\n\t\t\t\t\t\t\t\t\t\t\t\t\t\t\t<\/div>\n\t\t\t\t<\/div>\n\t\t<div class=\"elementor-element elementor-element-dedd44d e-con-full e-grid e-con e-child\" data-id=\"dedd44d\" data-element_type=\"container\" data-e-type=\"container\">\n\t\t\t\t<div class=\"elementor-element elementor-element-624bcc0f elementor-widget elementor-widget-image\" data-id=\"624bcc0f\" data-element_type=\"widget\" data-e-type=\"widget\" data-widget_type=\"image.default\">\n\t\t\t\t\t\t\t\t\t\t\t\t\t\t\t\t<a href=\"https:\/\/les-belles-toitures.com\/wp-content\/uploads\/2025\/03\/AdobeStock_170437745.jpeg\" data-elementor-open-lightbox=\"yes\" data-elementor-lightbox-title=\"\u00e9pi de fa\u00eetage\" data-e-action-hash=\"#elementor-action%3Aaction%3Dlightbox%26settings%3DeyJpZCI6NjQ1LCJ1cmwiOiJodHRwczpcL1wvd3d3Lmxlcy1iZWxsZXMtdG9pdHVyZXMuY29tXC93cC1jb250ZW50XC91cGxvYWRzXC8yMDI1XC8wM1wvQWRvYmVTdG9ja18xNzA0Mzc3NDUuanBlZyJ9\">\n\t\t\t\t\t\t\t<img decoding=\"async\" src=\"https:\/\/www.les-belles-toitures.com\/media\/elementor\/thumbs\/AdobeStock_170437745-r9guvy8jv6ohz6e5gkc5q1yc7htvpocwvou6uf3uew.jpeg\" title=\"\u00e9pi de fa\u00eetage\" alt=\"Epi de fa\u00eetage r\u00e9alis\u00e9 par le potier Gilbert Delmotte - Le Ch\u00e2telet en Berry - 18\" loading=\"lazy\" \/>\t\t\t\t\t\t\t\t<\/a>\n\t\t\t\t\t\t\t\t\t\t\t\t\t\t\t<\/div>\n\t\t\t\t<div class=\"elementor-element elementor-element-77210bc0 elementor-widget elementor-widget-image\" data-id=\"77210bc0\" data-element_type=\"widget\" data-e-type=\"widget\" data-widget_type=\"image.default\">\n\t\t\t\t\t\t\t\t\t\t\t\t\t\t\t\t<a href=\"https:\/\/les-belles-toitures.com\/wp-content\/uploads\/2025\/03\/AdobeStock_551338756-scaled.jpeg\" data-elementor-open-lightbox=\"yes\" data-elementor-lightbox-title=\"Fa\u00eetage toit\" data-e-action-hash=\"#elementor-action%3Aaction%3Dlightbox%26settings%3DeyJpZCI6NjQzLCJ1cmwiOiJodHRwczpcL1wvd3d3Lmxlcy1iZWxsZXMtdG9pdHVyZXMuY29tXC93cC1jb250ZW50XC91cGxvYWRzXC8yMDI1XC8wM1wvQWRvYmVTdG9ja181NTEzMzg3NTYtc2NhbGVkLmpwZWcifQ%3D%3D\">\n\t\t\t\t\t\t\t<img decoding=\"async\" src=\"https:\/\/www.les-belles-toitures.com\/media\/elementor\/thumbs\/AdobeStock_551338756-scaled-r9guvqpucie7eap2oh3563ungeuy03j26nmb07ezso.jpeg\" title=\"Fa\u00eetage toit\" alt=\"Fa\u00eetage toit\" loading=\"lazy\" \/>\t\t\t\t\t\t\t\t<\/a>\n\t\t\t\t\t\t\t\t\t\t\t\t\t\t\t<\/div>\n\t\t\t\t<\/div>\n\t\t\t\t\t<\/div>\n\t\t\t\t<\/div>\n\t\t\t\t<\/div>\n\t\t","protected":false},"excerpt":{"rendered":"<p>\u00c9pis de fa\u00eetage en cuivreUne touche d\u2019\u00e9l\u00e9gance et de tradition L\u2019entreprise Les Belles Toitures met son savoir-faire artisanal \u00e0 votre service pour la fabrication et la pose d\u2019\u00e9pis de fa\u00eetage en cuivre \u00e0 Poitiers, Montmorillon et dans toute la r\u00e9gion Poitou-Charentes (86). V\u00e9ritables ornements architecturaux, les \u00e9pis de fa\u00eetage ne se contentent pas d\u2019embellir votre [&hellip;]<\/p>\n","protected":false},"author":1,"featured_media":0,"parent":0,"menu_order":0,"comment_status":"closed","ping_status":"closed","template":"","meta":{"footnotes":""},"class_list":["post-631","page","type-page","status-publish","hentry"],"aioseo_notices":[],"aioseo_head":"\n\t\t<!-- All in One SEO Pro 4.9.6.2 - aioseo.com -->\n\t<meta name=\"description\" content=\"Sp\u00e9cialiste des \u00e9pis de fa\u00eetage en cuivre \u00e0 Poitiers et Montmorillon, nous fabriquons et installons des pi\u00e8ces uniques et durables pour votre toiture.\" \/>\n\t<meta name=\"robots\" content=\"max-image-preview:large\" \/>\n\t<meta name=\"google-site-verification\" content=\"LbTChsoNQQer2XpQkOSFSIbebalewvzLC6zOocoByec\" \/>\n\t<link rel=\"canonical\" href=\"https:\/\/www.les-belles-toitures.com\/nos-services-en-epis-de-faitage-en-cuivre-a-saulge\/\" \/>\n\t<meta name=\"generator\" content=\"All in One SEO Pro (AIOSEO) 4.9.6.2\" \/>\n\t\t<meta property=\"og:locale\" content=\"fr_FR\" \/>\n\t\t<meta property=\"og:site_name\" content=\"Les Belles Toitures - L\u2019art de la couverture, depuis 1976.\" \/>\n\t\t<meta property=\"og:type\" content=\"article\" \/>\n\t\t<meta property=\"og:title\" content=\"\u00c9pis de fa\u00eetage en cuivre \u2013 Fabrication et pose \u00e0 Saulg\u00e9\" \/>\n\t\t<meta property=\"og:description\" content=\"Sp\u00e9cialiste des \u00e9pis de fa\u00eetage en cuivre \u00e0 Poitiers et Montmorillon, nous fabriquons et installons des pi\u00e8ces uniques et durables pour votre toiture.\" \/>\n\t\t<meta property=\"og:url\" content=\"https:\/\/www.les-belles-toitures.com\/nos-services-en-epis-de-faitage-en-cuivre-a-saulge\/\" \/>\n\t\t<meta property=\"og:image\" content=\"https:\/\/www.les-belles-toitures.com\/media\/2025\/02\/logo-foot.png\" \/>\n\t\t<meta property=\"og:image:secure_url\" content=\"https:\/\/www.les-belles-toitures.com\/media\/2025\/02\/logo-foot.png\" \/>\n\t\t<meta property=\"article:published_time\" content=\"2025-03-04T08:58:19+00:00\" \/>\n\t\t<meta property=\"article:modified_time\" content=\"2026-04-09T12:19:37+00:00\" \/>\n\t\t<meta name=\"twitter:card\" content=\"summary_large_image\" \/>\n\t\t<meta name=\"twitter:title\" content=\"\u00c9pis de fa\u00eetage en cuivre \u2013 Fabrication et pose \u00e0 Saulg\u00e9\" \/>\n\t\t<meta name=\"twitter:description\" content=\"Sp\u00e9cialiste des \u00e9pis de fa\u00eetage en cuivre \u00e0 Poitiers et Montmorillon, nous fabriquons et installons des pi\u00e8ces uniques et durables pour votre toiture.\" \/>\n\t\t<meta name=\"twitter:image\" content=\"https:\/\/www.les-belles-toitures.com\/media\/2025\/02\/logo-foot.png\" \/>\n\t\t<script type=\"application\/ld+json\" class=\"aioseo-schema\">\n\t\t\t{\"@context\":\"https:\\\/\\\/schema.org\",\"@graph\":[{\"@type\":\"BreadcrumbList\",\"@id\":\"https:\\\/\\\/www.les-belles-toitures.com\\\/nos-services-en-epis-de-faitage-en-cuivre-a-saulge\\\/#breadcrumblist\",\"itemListElement\":[{\"@type\":\"ListItem\",\"@id\":\"https:\\\/\\\/www.les-belles-toitures.com#listItem\",\"position\":1,\"name\":\"Home\",\"item\":\"https:\\\/\\\/www.les-belles-toitures.com\",\"nextItem\":{\"@type\":\"ListItem\",\"@id\":\"https:\\\/\\\/www.les-belles-toitures.com\\\/nos-services-en-epis-de-faitage-en-cuivre-a-saulge\\\/#listItem\",\"name\":\"Nos services en \\u00e9pis de fa\\u00eetage en cuivre \\u00e0 Saulg\\u00e9\"}},{\"@type\":\"ListItem\",\"@id\":\"https:\\\/\\\/www.les-belles-toitures.com\\\/nos-services-en-epis-de-faitage-en-cuivre-a-saulge\\\/#listItem\",\"position\":2,\"name\":\"Nos services en \\u00e9pis de fa\\u00eetage en cuivre \\u00e0 Saulg\\u00e9\",\"previousItem\":{\"@type\":\"ListItem\",\"@id\":\"https:\\\/\\\/www.les-belles-toitures.com#listItem\",\"name\":\"Home\"}}]},{\"@type\":\"Organization\",\"@id\":\"https:\\\/\\\/www.les-belles-toitures.com\\\/#organization\",\"name\":\"Les Belles Toitures\",\"description\":\"L\\u2019art de la couverture, depuis 1976.\",\"url\":\"https:\\\/\\\/www.les-belles-toitures.com\\\/\",\"email\":\"bellestoitures@wanadoo.fr\",\"telephone\":\"+33549840056\",\"logo\":{\"@type\":\"ImageObject\",\"url\":\"https:\\\/\\\/www.les-belles-toitures.com\\\/wp-content\\\/uploads\\\/2025\\\/02\\\/logo-foot.png\",\"@id\":\"https:\\\/\\\/www.les-belles-toitures.com\\\/nos-services-en-epis-de-faitage-en-cuivre-a-saulge\\\/#organizationLogo\",\"width\":261,\"height\":105,\"caption\":\"Les Belles Toitures Saulg\\u00e9\"},\"image\":{\"@id\":\"https:\\\/\\\/www.les-belles-toitures.com\\\/nos-services-en-epis-de-faitage-en-cuivre-a-saulge\\\/#organizationLogo\"},\"address\":{\"@id\":\"https:\\\/\\\/www.les-belles-toitures.com\\\/#postaladdress\",\"@type\":\"PostalAddress\",\"streetAddress\":\"Centre de Gros, 6 rue Carreau\",\"postalCode\":\"86000\",\"addressLocality\":\"POITIERS\",\"addressCountry\":\"FR\"}},{\"@type\":\"WebPage\",\"@id\":\"https:\\\/\\\/www.les-belles-toitures.com\\\/nos-services-en-epis-de-faitage-en-cuivre-a-saulge\\\/#webpage\",\"url\":\"https:\\\/\\\/www.les-belles-toitures.com\\\/nos-services-en-epis-de-faitage-en-cuivre-a-saulge\\\/\",\"name\":\"\\u00c9pis de fa\\u00eetage en cuivre \\u2013 Fabrication et pose \\u00e0 Saulg\\u00e9\",\"description\":\"Sp\\u00e9cialiste des \\u00e9pis de fa\\u00eetage en cuivre \\u00e0 Poitiers et Montmorillon, nous fabriquons et installons des pi\\u00e8ces uniques et durables pour votre toiture.\",\"inLanguage\":\"fr-FR\",\"isPartOf\":{\"@id\":\"https:\\\/\\\/www.les-belles-toitures.com\\\/#website\"},\"breadcrumb\":{\"@id\":\"https:\\\/\\\/www.les-belles-toitures.com\\\/nos-services-en-epis-de-faitage-en-cuivre-a-saulge\\\/#breadcrumblist\"},\"datePublished\":\"2025-03-04T09:58:19+01:00\",\"dateModified\":\"2026-04-09T14:19:37+02:00\"},{\"@type\":\"WebSite\",\"@id\":\"https:\\\/\\\/www.les-belles-toitures.com\\\/#website\",\"url\":\"https:\\\/\\\/www.les-belles-toitures.com\\\/\",\"name\":\"Les Belles Toitures\",\"description\":\"L\\u2019art de la couverture, depuis 1976.\",\"inLanguage\":\"fr-FR\",\"publisher\":{\"@id\":\"https:\\\/\\\/www.les-belles-toitures.com\\\/#organization\"}}]}\n\t\t<\/script>\n\t\t<!-- All in One SEO Pro -->\r\n\t\t<title>\u00c9pis de fa\u00eetage en cuivre \u2013 Fabrication et pose \u00e0 Saulg\u00e9<\/title>\n\n","aioseo_head_json":{"title":"\u00c9pis de fa\u00eetage en cuivre \u2013 Fabrication et pose \u00e0 Saulg\u00e9","description":"Sp\u00e9cialiste des \u00e9pis de fa\u00eetage en cuivre \u00e0 Poitiers et Montmorillon, nous fabriquons et installons des pi\u00e8ces uniques et durables pour votre toiture.","canonical_url":"https:\/\/www.les-belles-toitures.com\/nos-services-en-epis-de-faitage-en-cuivre-a-saulge\/","robots":"max-image-preview:large","keywords":"","webmasterTools":{"google-site-verification":"LbTChsoNQQer2XpQkOSFSIbebalewvzLC6zOocoByec","miscellaneous":""},"schema":{"@context":"https:\/\/schema.org","@graph":[{"@type":"BreadcrumbList","@id":"https:\/\/www.les-belles-toitures.com\/nos-services-en-epis-de-faitage-en-cuivre-a-saulge\/#breadcrumblist","itemListElement":[{"@type":"ListItem","@id":"https:\/\/www.les-belles-toitures.com#listItem","position":1,"name":"Home","item":"https:\/\/www.les-belles-toitures.com","nextItem":{"@type":"ListItem","@id":"https:\/\/www.les-belles-toitures.com\/nos-services-en-epis-de-faitage-en-cuivre-a-saulge\/#listItem","name":"Nos services en \u00e9pis de fa\u00eetage en cuivre \u00e0 Saulg\u00e9"}},{"@type":"ListItem","@id":"https:\/\/www.les-belles-toitures.com\/nos-services-en-epis-de-faitage-en-cuivre-a-saulge\/#listItem","position":2,"name":"Nos services en \u00e9pis de fa\u00eetage en cuivre \u00e0 Saulg\u00e9","previousItem":{"@type":"ListItem","@id":"https:\/\/www.les-belles-toitures.com#listItem","name":"Home"}}]},{"@type":"Organization","@id":"https:\/\/www.les-belles-toitures.com\/#organization","name":"Les Belles Toitures","description":"L\u2019art de la couverture, depuis 1976.","url":"https:\/\/www.les-belles-toitures.com\/","email":"bellestoitures@wanadoo.fr","telephone":"+33549840056","logo":{"@type":"ImageObject","url":"https:\/\/www.les-belles-toitures.com\/media\/2025\/02\/logo-foot.png","@id":"https:\/\/www.les-belles-toitures.com\/nos-services-en-epis-de-faitage-en-cuivre-a-saulge\/#organizationLogo","width":261,"height":105,"caption":"Les Belles Toitures Saulg\u00e9"},"image":{"@id":"https:\/\/www.les-belles-toitures.com\/nos-services-en-epis-de-faitage-en-cuivre-a-saulge\/#organizationLogo"},"address":{"@id":"https:\/\/www.les-belles-toitures.com\/#postaladdress","@type":"PostalAddress","streetAddress":"Centre de Gros, 6 rue Carreau","postalCode":"86000","addressLocality":"POITIERS","addressCountry":"FR"}},{"@type":"WebPage","@id":"https:\/\/www.les-belles-toitures.com\/nos-services-en-epis-de-faitage-en-cuivre-a-saulge\/#webpage","url":"https:\/\/www.les-belles-toitures.com\/nos-services-en-epis-de-faitage-en-cuivre-a-saulge\/","name":"\u00c9pis de fa\u00eetage en cuivre \u2013 Fabrication et pose \u00e0 Saulg\u00e9","description":"Sp\u00e9cialiste des \u00e9pis de fa\u00eetage en cuivre \u00e0 Poitiers et Montmorillon, nous fabriquons et installons des pi\u00e8ces uniques et durables pour votre toiture.","inLanguage":"fr-FR","isPartOf":{"@id":"https:\/\/www.les-belles-toitures.com\/#website"},"breadcrumb":{"@id":"https:\/\/www.les-belles-toitures.com\/nos-services-en-epis-de-faitage-en-cuivre-a-saulge\/#breadcrumblist"},"datePublished":"2025-03-04T09:58:19+01:00","dateModified":"2026-04-09T14:19:37+02:00"},{"@type":"WebSite","@id":"https:\/\/www.les-belles-toitures.com\/#website","url":"https:\/\/www.les-belles-toitures.com\/","name":"Les Belles Toitures","description":"L\u2019art de la couverture, depuis 1976.","inLanguage":"fr-FR","publisher":{"@id":"https:\/\/www.les-belles-toitures.com\/#organization"}}]},"og:locale":"fr_FR","og:site_name":"Les Belles Toitures - L\u2019art de la couverture, depuis 1976.","og:type":"article","og:title":"\u00c9pis de fa\u00eetage en cuivre \u2013 Fabrication et pose \u00e0 Saulg\u00e9","og:description":"Sp\u00e9cialiste des \u00e9pis de fa\u00eetage en cuivre \u00e0 Poitiers et Montmorillon, nous fabriquons et installons des pi\u00e8ces uniques et durables pour votre toiture.","og:url":"https:\/\/www.les-belles-toitures.com\/nos-services-en-epis-de-faitage-en-cuivre-a-saulge\/","og:image":"https:\/\/www.les-belles-toitures.com\/media\/2025\/02\/logo-foot.png","og:image:secure_url":"https:\/\/www.les-belles-toitures.com\/media\/2025\/02\/logo-foot.png","article:published_time":"2025-03-04T08:58:19+00:00","article:modified_time":"2026-04-09T12:19:37+00:00","twitter:card":"summary_large_image","twitter:title":"\u00c9pis de fa\u00eetage en cuivre \u2013 Fabrication et pose \u00e0 Saulg\u00e9","twitter:description":"Sp\u00e9cialiste des \u00e9pis de fa\u00eetage en cuivre \u00e0 Poitiers et Montmorillon, nous fabriquons et installons des pi\u00e8ces uniques et durables pour votre toiture.","twitter:image":"https:\/\/www.les-belles-toitures.com\/media\/2025\/02\/logo-foot.png"},"aioseo_meta_data":{"post_id":"631","title":"\u00c9pis de fa\u00eetage en cuivre \u2013 Fabrication et pose \u00e0 Saulg\u00e9","description":"Sp\u00e9cialiste des \u00e9pis de fa\u00eetage en cuivre \u00e0 Poitiers et Montmorillon, nous fabriquons et installons des pi\u00e8ces uniques et durables pour votre toiture.","keywords":null,"keyphrases":{"focus":{"keyphrase":"","score":0,"analysis":{"keyphraseInTitle":{"score":0,"maxScore":9,"error":1}}},"additional":[]},"primary_term":null,"canonical_url":null,"og_title":null,"og_description":null,"og_object_type":"default","og_image_type":"default","og_image_url":null,"og_image_width":null,"og_image_height":null,"og_image_custom_url":null,"og_image_custom_fields":null,"og_video":"","og_custom_url":null,"og_article_section":null,"og_article_tags":null,"twitter_use_og":false,"twitter_card":"default","twitter_image_type":"default","twitter_image_url":null,"twitter_image_custom_url":null,"twitter_image_custom_fields":null,"twitter_title":null,"twitter_description":null,"schema":{"blockGraphs":[],"customGraphs":[],"default":{"data":{"Article":[],"Course":[],"Dataset":[],"FAQPage":[],"Movie":[],"Person":[],"Product":[],"ProductReview":[],"Car":[],"Recipe":[],"Service":[],"SoftwareApplication":[],"WebPage":[]},"graphName":"WebPage","isEnabled":true},"graphs":[]},"schema_type":"default","schema_type_options":null,"pillar_content":false,"robots_default":true,"robots_noindex":false,"robots_noarchive":false,"robots_nosnippet":false,"robots_nofollow":false,"robots_noimageindex":false,"robots_noodp":false,"robots_notranslate":false,"robots_max_snippet":"-1","robots_max_videopreview":"-1","robots_max_imagepreview":"large","priority":null,"frequency":"default","local_seo":null,"seo_analyzer_scan_date":"2026-04-09 13:10:52","breadcrumb_settings":null,"limit_modified_date":false,"open_ai":"{\"title\":{\"suggestions\":[],\"usage\":0},\"description\":{\"suggestions\":[],\"usage\":0}}","ai":{"faqs":[],"keyPoints":[],"titles":[],"descriptions":[],"socialPosts":{"email":[],"linkedin":[],"twitter":[],"facebook":[],"instagram":[]}},"created":"2025-03-04 08:58:20","updated":"2026-04-09 13:10:52"},"aioseo_breadcrumb":"<div class=\"aioseo-breadcrumbs\"><span class=\"aioseo-breadcrumb\">\n\t<a href=\"https:\/\/www.les-belles-toitures.com\" title=\"Home\">Home<\/a>\n<\/span><span class=\"aioseo-breadcrumb-separator\">&raquo;<\/span><span class=\"aioseo-breadcrumb\">\n\tNos services en \u00e9pis de fa\u00eetage en cuivre \u00e0 Saulg\u00e9\n<\/span><\/div>","aioseo_breadcrumb_json":[{"label":"Home","link":"https:\/\/www.les-belles-toitures.com"},{"label":"Nos services en \u00e9pis de fa\u00eetage en cuivre \u00e0 Saulg\u00e9","link":"https:\/\/www.les-belles-toitures.com\/nos-services-en-epis-de-faitage-en-cuivre-a-saulge\/"}],"_links":{"self":[{"href":"https:\/\/www.les-belles-toitures.com\/api-json\/wp\/v2\/pages\/631","targetHints":{"allow":["GET"]}}],"collection":[{"href":"https:\/\/www.les-belles-toitures.com\/api-json\/wp\/v2\/pages"}],"about":[{"href":"https:\/\/www.les-belles-toitures.com\/api-json\/wp\/v2\/types\/page"}],"author":[{"embeddable":true,"href":"https:\/\/www.les-belles-toitures.com\/api-json\/wp\/v2\/users\/1"}],"replies":[{"embeddable":true,"href":"https:\/\/www.les-belles-toitures.com\/api-json\/wp\/v2\/comments?post=631"}],"version-history":[{"count":1,"href":"https:\/\/www.les-belles-toitures.com\/api-json\/wp\/v2\/pages\/631\/revisions"}],"predecessor-version":[{"id":1153,"href":"https:\/\/www.les-belles-toitures.com\/api-json\/wp\/v2\/pages\/631\/revisions\/1153"}],"wp:attachment":[{"href":"https:\/\/www.les-belles-toitures.com\/api-json\/wp\/v2\/media?parent=631"}],"curies":[{"name":"wp","href":"https:\/\/api.w.org\/{rel}","templated":true}]}}